{"id":19090,"date":"2019-08-13T04:01:08","date_gmt":"2019-08-13T02:01:08","guid":{"rendered":"https:\/\/ibil.wpengine.com\/quienes-somos\/"},"modified":"2025-10-30T14:13:02","modified_gmt":"2025-10-30T13:13:02","slug":"quienes-somos","status":"publish","type":"page","link":"https:\/\/evsare.com\/pt\/quienes-somos\/","title":{"rendered":"10 ANOS DE EXPERI\u00caNCIA <br\/>EM MOBILIDADE EL\u00c9TRICA"},"content":{"rendered":"<div class=\"wpb-content-wrapper\"><p>[vc_section full_width=&#8221;stretch_row&#8221; css=&#8221;.vc_custom_1567380472829{padding-top: 70px !important;padding-bottom: 70px !important;}&#8221;][vc_row][vc_column column_padding=&#8221;padding-2&#8243; width=&#8221;1\/2&#8243;][vc_column_text el_class=&#8221;cnc-headline&#8221;]<\/p>\n<h2>A EVsare \u00e9 constitu\u00edda em 2010 com a miss\u00e3o de:<\/h2>\n<p>[\/vc_column_text][vc_column_text]Criar a rede de carregamento de ve\u00edculos el\u00e9tricos e ser uma refer\u00eancia em tecnologia e solu\u00e7\u00f5es de carregamento e mobilidade. Desde a sua origem, a empresa tem-se desenvolvido em estreita colabora\u00e7\u00e3o com centros tecnol\u00f3gicos e com a ind\u00fastria autom\u00f3vel.[\/vc_column_text][vc_column_text el_class=&#8221;cnc-headline&#8221;]<\/p>\n<h2>Origem<\/h2>\n<p>[\/vc_column_text][vc_column_text]A EVsare nasce gra\u00e7as a um acordo de colabora\u00e7\u00e3o entre o Ente Vasco da Energia (EVE) e a Repsol, sob a marca IBIL, gestor de carregamento de ve\u00edculos el\u00e9tricos. Ap\u00f3s a assinatura deste acordo em outubro de 2009 e a posterior elabora\u00e7\u00e3o do plano de neg\u00f3cios, a sociedade \u00e9 constitu\u00edda a 13 de outubro de 2010, com participa\u00e7\u00e3o de 50% por cada um dos dois s\u00f3cios promotores. Em maio de 2024, os s\u00f3cios d\u00e3o mais um passo na sua alian\u00e7a e anunciam a cria\u00e7\u00e3o da nova filial, EVsare, cujo \u00fanico acionista \u00e9 a Repsol.\u00a0[\/vc_column_text][\/vc_column][vc_column column_padding=&#8221;padding-2&#8243; column_center=&#8221;true&#8221; text_align=&#8221;center&#8221; width=&#8221;1\/2&#8243;][vc_row_inner][vc_column_inner width=&#8221;1\/2&#8243;]<div class=\"single_image wpb_content_element align-center    \" data-animation=\"none\" data-delay=\"0\"><a href=\"https:\/\/www.eve.eus\/?lang=es-ES\" target=\"_blank\"><img decoding=\"async\" class=\"\" src=\"https:\/\/evsare.com\/wp-content\/uploads\/2019\/08\/eve-200x120.jpg\" width=\"200\" height=\"120\" alt=\"eve\" title=\"eve\" loading=\"lazy\" \/><\/a><\/div>[\/vc_column_inner][vc_column_inner width=&#8221;1\/2&#8243;]<div class=\"single_image wpb_content_element align-center    \" data-animation=\"none\" data-delay=\"0\"><a href=\"https:\/\/www.repsol.com\/es\/index.cshtml\" target=\"_blank\"><img decoding=\"async\" class=\"\" src=\"https:\/\/evsare.com\/wp-content\/uploads\/2025\/10\/Logo-Repsol-nuevo.png\" width=\"200\" height=\"120\" alt=\"Logo-Repsol-nuevo\" title=\"Logo-Repsol-nuevo\" loading=\"lazy\" \/><\/a><\/div>[\/vc_column_inner][\/vc_row_inner][\/vc_column][\/vc_row][\/vc_section][vc_section full_width=&#8221;stretch_row&#8221; css=&#8221;.vc_custom_1761829838528{padding-top: 70px !important;padding-bottom: 70px !important;background-color: #cbcbcb !important;}&#8221; el_class=&#8221;ocultar-bloque&#8221;][vc_row][vc_column column_padding=&#8221;padding-2&#8243; width=&#8221;2\/5&#8243;][vc_column_text el_class=&#8221;cnc-headline&#8221;]<\/p>\n<h2>Experi\u00eancia e conhecimentos ao servi\u00e7o da transi\u00e7\u00e3o energ\u00e9tica<\/h2>\n<p>[\/vc_column_text][vc_column_text]Hoje em dia a IBIL \u00e9 o operador com a maior rede de pontos de carregamento, com mais de 1.700 pontos em funcionamento. Gra\u00e7as a esta infraestrutura j\u00e1 foram fornecidos mais de 7 GW de energia e gerido mais de 750.000 carregamentos.<\/p>\n<p>A IBIL posiciona-se como agente chave numa transi\u00e7\u00e3o energ\u00e9tica eficaz e ordenada.[\/vc_column_text][\/vc_column][vc_column column_padding=&#8221;padding-2&#8243; column_center=&#8221;true&#8221; text_align=&#8221;center&#8221; width=&#8221;3\/5&#8243;][vc_row_inner][vc_column_inner]<div class=\"single_image wpb_content_element align-center    \" data-animation=\"none\" data-delay=\"0\"><img loading=\"lazy\" decoding=\"async\" width=\"1024\" height=\"577\" src=\"https:\/\/evsare.com\/wp-content\/uploads\/2019\/09\/Ecosistema1920-1024x577.png\" class=\"attachment-large\" alt=\"\" title=\"Ecosistema1920\" srcset=\"https:\/\/evsare.com\/wp-content\/uploads\/2019\/09\/Ecosistema1920-1024x577.png 1024w, https:\/\/evsare.com\/wp-content\/uploads\/2019\/09\/Ecosistema1920-300x169.png 300w, https:\/\/evsare.com\/wp-content\/uploads\/2019\/09\/Ecosistema1920-768x432.png 768w, https:\/\/evsare.com\/wp-content\/uploads\/2019\/09\/Ecosistema1920-1000x563.png 1000w, https:\/\/evsare.com\/wp-content\/uploads\/2019\/09\/Ecosistema1920.png 1920w\" sizes=\"auto, (max-width: 1024px) 100vw, 1024px\" \/><\/div>[\/vc_column_inner][\/vc_row_inner][\/vc_column][\/vc_row][\/vc_section][vc_section full_width=&#8221;stretch_row_content&#8221; css=&#8221;.vc_custom_1761829893716{padding-top: 0px !important;padding-bottom: 0px !important;}&#8221; el_class=&#8221;cnc-cmp-1 ocultar-bloque&#8221;][vc_row type=&#8221;full_width_section&#8221;][vc_column bg_image=&#8221;16878&#8243; text_color=&#8221;light&#8221; text_align=&#8221;center&#8221; width=&#8221;1\/4&#8243;][vc_column_text]<\/p>\n<h2>Projetos<\/h2>\n<p>[\/vc_column_text]<a href=\"https:\/\/evsare.com\/pt\/projetos-id\/\" target=\"_self\" class=\"button color-8 medium \" style=\"border-radius: 2px;\"><i class='fa fa-angle-right'><\/i>Ver mais<\/a>[\/vc_column][vc_column bg_image=&#8221;16883&#8243; text_color=&#8221;light&#8221; text_align=&#8221;center&#8221; width=&#8221;1\/4&#8243;][vc_column_text]<\/p>\n<h2>Parceiros<\/h2>\n<p>[\/vc_column_text]<a href=\"https:\/\/evsare.com\/pt\/parceiros\/\" target=\"_self\" class=\"button color-8 medium \" style=\"border-radius: 2px;\"><i class='fa fa-angle-right'><\/i>Ver mais<\/a>[\/vc_column][vc_column bg_image=&#8221;16882&#8243; text_color=&#8221;light&#8221; text_align=&#8221;center&#8221; width=&#8221;1\/4&#8243;][vc_column_text]<\/p>\n<h2>Casos de sucesso<\/h2>\n<p>[\/vc_column_text]<a href=\"https:\/\/evsare.com\/pt\/casos-de-sucesso\/\" target=\"_self\" class=\"button color-8 medium \" style=\"border-radius: 2px;\"><i class='fa fa-angle-right'><\/i>Ver mais<\/a>[\/vc_column][vc_column bg_image=&#8221;16881&#8243; text_color=&#8221;light&#8221; text_align=&#8221;center&#8221; width=&#8221;1\/4&#8243;][vc_column_text]<\/p>\n<h2>Refer\u00eancias<\/h2>\n<p>[\/vc_column_text]<a href=\"https:\/\/evsare.com\/pt\/referencias\/\" target=\"_self\" class=\"button color-8 medium \" style=\"border-radius: 2px;\"><i class='fa fa-angle-right'><\/i>Ver mais<\/a>[\/vc_column][\/vc_row][\/vc_section][vc_section full_width=&#8221;stretch_row&#8221; css=&#8221;.vc_custom_1761829980769{padding-top: 140px !important;padding-bottom: 140px !important;background-color: #CBCBCB !important;background-position: center !important;background-repeat: no-repeat !important;background-size: cover !important;}&#8221;][vc_row][vc_column width=&#8221;1\/2&#8243;][vc_column_text el_class=&#8221;cnc-headline&#8221;]<\/p>\n<h2>Se necessita de mais informa\u00e7\u00f5es sobre os nossos projetos e servi\u00e7os de consultoria, para lan\u00e7amento do seu neg\u00f3cio de carregamento de ve\u00edculos, n\u00e3o hesite em contactar-nos.<\/h2>\n<p>[\/vc_column_text][\/vc_column][vc_column width=&#8221;1\/2&#8243;][vc_row_inner][vc_column_inner width=&#8221;2\/3&#8243;][vc_column_text]Oferecemos solu\u00e7\u00f5es \u00e0 medida das necessidades da sua empresa, desde carregamento da pr\u00f3pria frota, at\u00e9 gest\u00e3o da energia ou servi\u00e7os de interoperabilidade.[\/vc_column_text][\/vc_column_inner][vc_column_inner width=&#8221;1\/3&#8243;]<a href=\"https:\/\/evsare.com\/pt\/contacto\/\" target=\"_self\" class=\"button button-appear color-2 small \" style=\"border-radius: 2px;\"><span>Contacte connosco<i class='fa fa-angle-right'><\/i><\/span><\/a>[\/vc_column_inner][\/vc_row_inner][\/vc_column][\/vc_row][\/vc_section]<\/p>\n<\/div>","protected":false},"excerpt":{"rendered":"<p>[vc_section full_width=&#8221;stretch_row&#8221; css=&#8221;.vc_custom_1567380472829{padding-top: 70px !important;padding-bottom: 70px !important;}&#8221;][vc_row][vc_column column_padding=&#8221;padding-2&#8243; width=&#8221;1\/2&#8243;][vc_column_text el_class=&#8221;cnc-headline&#8221;] A EVsare \u00e9 constitu\u00edda em 2010 com a miss\u00e3o de: [\/vc_column_text][vc_column_text]Criar a rede de carregamento de ve\u00edculos el\u00e9tricos e ser uma refer\u00eancia em tecnologia e solu\u00e7\u00f5es de carregamento e mobilidade. Desde a sua origem, a empresa tem-se desenvolvido em estreita colabora\u00e7\u00e3o com centros tecnol\u00f3gicos e com a ind\u00fastria autom\u00f3vel.[\/vc_column_text][vc_column_text el_class=&#8221;cnc-headline&#8221;] Origem [\/vc_column_text][vc_column_text]A EVsare nasce gra\u00e7as a um acordo de colabora\u00e7\u00e3o entre o Ente Vasco da Energia (EVE) e a Repsol, sob a marca IBIL, gestor de carregamento de ve\u00edculos el\u00e9tricos. Ap\u00f3s a assinatura deste acordo em outubro de 2009 e a posterior elabora\u00e7\u00e3o do plano de neg\u00f3cios, a sociedade \u00e9 constitu\u00edda a 13 de outubro de 2010, com participa\u00e7\u00e3o de 50% por cada um dos dois s\u00f3cios promotores. Em maio de 2024, os s\u00f3cios d\u00e3o mais um passo na sua alian\u00e7a e anunciam a cria\u00e7\u00e3o da nova filial, EVsare, cujo \u00fanico acionista \u00e9 a Repsol.\u00a0[\/vc_column_text][\/vc_column][vc_column column_padding=&#8221;padding-2&#8243; column_center=&#8221;true&#8221; text_align=&#8221;center&#8221; width=&#8221;1\/2&#8243;][vc_row_inner][vc_column_inner width=&#8221;1\/2&#8243;][\/vc_column_inner][vc_column_inner width=&#8221;1\/2&#8243;][\/vc_column_inner][\/vc_row_inner][\/vc_column][\/vc_row][\/vc_section][vc_section full_width=&#8221;stretch_row&#8221; css=&#8221;.vc_custom_1761829838528{padding-top: 70px !important;padding-bottom: 70px !important;background-color: #cbcbcb !important;}&#8221; el_class=&#8221;ocultar-bloque&#8221;][vc_row][vc_column column_padding=&#8221;padding-2&#8243; width=&#8221;2\/5&#8243;][vc_column_text el_class=&#8221;cnc-headline&#8221;] Experi\u00eancia e conhecimentos ao servi\u00e7o da transi\u00e7\u00e3o energ\u00e9tica [\/vc_column_text][vc_column_text]Hoje em dia a IBIL \u00e9 o operador com a maior rede de pontos de carregamento, com mais de [&hellip;]<\/p>\n","protected":false},"author":1,"featured_media":0,"parent":0,"menu_order":0,"comment_status":"closed","ping_status":"closed","template":"","meta":{"footnotes":""},"class_list":["post-19090","page","type-page","status-publish","hentry"],"yoast_head":"<!-- This site is optimized with the Yoast SEO plugin v26.3 - https:\/\/yoast.com\/wordpress\/plugins\/seo\/ -->\n<title>10 ANOS DE EXPERI\u00caNCIA EM MOBILIDADE EL\u00c9TRICA - EVsare<\/title>\n<meta name=\"robots\" content=\"index, follow, max-snippet:-1, max-image-preview:large, max-video-preview:-1\" \/>\n<link rel=\"canonical\" href=\"https:\/\/evsare.com\/pt\/quienes-somos\/\" \/>\n<meta property=\"og:locale\" content=\"pt_PT\" \/>\n<meta property=\"og:type\" content=\"article\" \/>\n<meta property=\"og:title\" content=\"10 ANOS DE EXPERI\u00caNCIA EM MOBILIDADE EL\u00c9TRICA - EVsare\" \/>\n<meta property=\"og:description\" content=\"[vc_section full_width=&#8221;stretch_row&#8221; css=&#8221;.vc_custom_1567380472829{padding-top: 70px !important;padding-bottom: 70px !important;}&#8221;][vc_row][vc_column column_padding=&#8221;padding-2&#8243; width=&#8221;1\/2&#8243;][vc_column_text el_class=&#8221;cnc-headline&#8221;] A EVsare \u00e9 constitu\u00edda em 2010 com a miss\u00e3o de: [\/vc_column_text][vc_column_text]Criar a rede de carregamento de ve\u00edculos el\u00e9tricos e ser uma refer\u00eancia em tecnologia e solu\u00e7\u00f5es de carregamento e mobilidade. Desde a sua origem, a empresa tem-se desenvolvido em estreita colabora\u00e7\u00e3o com centros tecnol\u00f3gicos e com a ind\u00fastria autom\u00f3vel.[\/vc_column_text][vc_column_text el_class=&#8221;cnc-headline&#8221;] Origem [\/vc_column_text][vc_column_text]A EVsare nasce gra\u00e7as a um acordo de colabora\u00e7\u00e3o entre o Ente Vasco da Energia (EVE) e a Repsol, sob a marca IBIL, gestor de carregamento de ve\u00edculos el\u00e9tricos. Ap\u00f3s a assinatura deste acordo em outubro de 2009 e a posterior elabora\u00e7\u00e3o do plano de neg\u00f3cios, a sociedade \u00e9 constitu\u00edda a 13 de outubro de 2010, com participa\u00e7\u00e3o de 50% por cada um dos dois s\u00f3cios promotores. Em maio de 2024, os s\u00f3cios d\u00e3o mais um passo na sua alian\u00e7a e anunciam a cria\u00e7\u00e3o da nova filial, EVsare, cujo \u00fanico acionista \u00e9 a Repsol.\u00a0[\/vc_column_text][\/vc_column][vc_column column_padding=&#8221;padding-2&#8243; column_center=&#8221;true&#8221; text_align=&#8221;center&#8221; width=&#8221;1\/2&#8243;][vc_row_inner][vc_column_inner width=&#8221;1\/2&#8243;][\/vc_column_inner][vc_column_inner width=&#8221;1\/2&#8243;][\/vc_column_inner][\/vc_row_inner][\/vc_column][\/vc_row][\/vc_section][vc_section full_width=&#8221;stretch_row&#8221; css=&#8221;.vc_custom_1761829838528{padding-top: 70px !important;padding-bottom: 70px !important;background-color: #cbcbcb !important;}&#8221; el_class=&#8221;ocultar-bloque&#8221;][vc_row][vc_column column_padding=&#8221;padding-2&#8243; width=&#8221;2\/5&#8243;][vc_column_text el_class=&#8221;cnc-headline&#8221;] Experi\u00eancia e conhecimentos ao servi\u00e7o da transi\u00e7\u00e3o energ\u00e9tica [\/vc_column_text][vc_column_text]Hoje em dia a IBIL \u00e9 o operador com a maior rede de pontos de carregamento, com mais de [&hellip;]\" \/>\n<meta property=\"og:url\" content=\"https:\/\/evsare.com\/pt\/quienes-somos\/\" \/>\n<meta property=\"og:site_name\" content=\"EVsare\" \/>\n<meta property=\"article:modified_time\" content=\"2025-10-30T13:13:02+00:00\" \/>\n<meta name=\"twitter:card\" content=\"summary_large_image\" \/>\n<meta name=\"twitter:label1\" content=\"Tempo estimado de leitura\" \/>\n\t<meta name=\"twitter:data1\" content=\"4 minutos\" \/>\n<script type=\"application\/ld+json\" class=\"yoast-schema-graph\">{\"@context\":\"https:\/\/schema.org\",\"@graph\":[{\"@type\":\"WebPage\",\"@id\":\"https:\/\/evsare.com\/pt\/quienes-somos\/\",\"url\":\"https:\/\/evsare.com\/pt\/quienes-somos\/\",\"name\":\"10 ANOS DE EXPERI\u00caNCIA EM MOBILIDADE EL\u00c9TRICA - EVsare\",\"isPartOf\":{\"@id\":\"https:\/\/evsare.com\/#website\"},\"datePublished\":\"2019-08-13T02:01:08+00:00\",\"dateModified\":\"2025-10-30T13:13:02+00:00\",\"breadcrumb\":{\"@id\":\"https:\/\/evsare.com\/pt\/quienes-somos\/#breadcrumb\"},\"inLanguage\":\"pt-PT\",\"potentialAction\":[{\"@type\":\"ReadAction\",\"target\":[\"https:\/\/evsare.com\/pt\/quienes-somos\/\"]}]},{\"@type\":\"BreadcrumbList\",\"@id\":\"https:\/\/evsare.com\/pt\/quienes-somos\/#breadcrumb\",\"itemListElement\":[{\"@type\":\"ListItem\",\"position\":1,\"name\":\"Home\",\"item\":\"https:\/\/evsare.com\/pt\/\"},{\"@type\":\"ListItem\",\"position\":2,\"name\":\"10 ANOS DE EXPERI\u00caNCIA EM MOBILIDADE EL\u00c9TRICA\"}]},{\"@type\":\"WebSite\",\"@id\":\"https:\/\/evsare.com\/#website\",\"url\":\"https:\/\/evsare.com\/\",\"name\":\"EVsare\",\"description\":\"La \u00faltima tecnolog\u00eda en servicios de recarga\",\"publisher\":{\"@id\":\"https:\/\/evsare.com\/#organization\"},\"potentialAction\":[{\"@type\":\"SearchAction\",\"target\":{\"@type\":\"EntryPoint\",\"urlTemplate\":\"https:\/\/evsare.com\/?s={search_term_string}\"},\"query-input\":{\"@type\":\"PropertyValueSpecification\",\"valueRequired\":true,\"valueName\":\"search_term_string\"}}],\"inLanguage\":\"pt-PT\"},{\"@type\":\"Organization\",\"@id\":\"https:\/\/evsare.com\/#organization\",\"name\":\"EVsare\",\"url\":\"https:\/\/evsare.com\/\",\"logo\":{\"@type\":\"ImageObject\",\"inLanguage\":\"pt-PT\",\"@id\":\"https:\/\/evsare.com\/#\/schema\/logo\/image\/\",\"url\":\"https:\/\/evsare.com\/wp-content\/uploads\/2025\/10\/evsare-favicon-152-2.png\",\"contentUrl\":\"https:\/\/evsare.com\/wp-content\/uploads\/2025\/10\/evsare-favicon-152-2.png\",\"width\":152,\"height\":152,\"caption\":\"EVsare\"},\"image\":{\"@id\":\"https:\/\/evsare.com\/#\/schema\/logo\/image\/\"},\"sameAs\":[\"https:\/\/es.linkedin.com\/company\/evsare\"]}]}<\/script>\n<!-- \/ Yoast SEO plugin. -->","yoast_head_json":{"title":"10 ANOS DE EXPERI\u00caNCIA EM MOBILIDADE EL\u00c9TRICA - EVsare","robots":{"index":"index","follow":"follow","max-snippet":"max-snippet:-1","max-image-preview":"max-image-preview:large","max-video-preview":"max-video-preview:-1"},"canonical":"https:\/\/evsare.com\/pt\/quienes-somos\/","og_locale":"pt_PT","og_type":"article","og_title":"10 ANOS DE EXPERI\u00caNCIA EM MOBILIDADE EL\u00c9TRICA - EVsare","og_description":"[vc_section full_width=&#8221;stretch_row&#8221; css=&#8221;.vc_custom_1567380472829{padding-top: 70px !important;padding-bottom: 70px !important;}&#8221;][vc_row][vc_column column_padding=&#8221;padding-2&#8243; width=&#8221;1\/2&#8243;][vc_column_text el_class=&#8221;cnc-headline&#8221;] A EVsare \u00e9 constitu\u00edda em 2010 com a miss\u00e3o de: [\/vc_column_text][vc_column_text]Criar a rede de carregamento de ve\u00edculos el\u00e9tricos e ser uma refer\u00eancia em tecnologia e solu\u00e7\u00f5es de carregamento e mobilidade. Desde a sua origem, a empresa tem-se desenvolvido em estreita colabora\u00e7\u00e3o com centros tecnol\u00f3gicos e com a ind\u00fastria autom\u00f3vel.[\/vc_column_text][vc_column_text el_class=&#8221;cnc-headline&#8221;] Origem [\/vc_column_text][vc_column_text]A EVsare nasce gra\u00e7as a um acordo de colabora\u00e7\u00e3o entre o Ente Vasco da Energia (EVE) e a Repsol, sob a marca IBIL, gestor de carregamento de ve\u00edculos el\u00e9tricos. Ap\u00f3s a assinatura deste acordo em outubro de 2009 e a posterior elabora\u00e7\u00e3o do plano de neg\u00f3cios, a sociedade \u00e9 constitu\u00edda a 13 de outubro de 2010, com participa\u00e7\u00e3o de 50% por cada um dos dois s\u00f3cios promotores. Em maio de 2024, os s\u00f3cios d\u00e3o mais um passo na sua alian\u00e7a e anunciam a cria\u00e7\u00e3o da nova filial, EVsare, cujo \u00fanico acionista \u00e9 a Repsol.\u00a0[\/vc_column_text][\/vc_column][vc_column column_padding=&#8221;padding-2&#8243; column_center=&#8221;true&#8221; text_align=&#8221;center&#8221; width=&#8221;1\/2&#8243;][vc_row_inner][vc_column_inner width=&#8221;1\/2&#8243;][\/vc_column_inner][vc_column_inner width=&#8221;1\/2&#8243;][\/vc_column_inner][\/vc_row_inner][\/vc_column][\/vc_row][\/vc_section][vc_section full_width=&#8221;stretch_row&#8221; css=&#8221;.vc_custom_1761829838528{padding-top: 70px !important;padding-bottom: 70px !important;background-color: #cbcbcb !important;}&#8221; el_class=&#8221;ocultar-bloque&#8221;][vc_row][vc_column column_padding=&#8221;padding-2&#8243; width=&#8221;2\/5&#8243;][vc_column_text el_class=&#8221;cnc-headline&#8221;] Experi\u00eancia e conhecimentos ao servi\u00e7o da transi\u00e7\u00e3o energ\u00e9tica [\/vc_column_text][vc_column_text]Hoje em dia a IBIL \u00e9 o operador com a maior rede de pontos de carregamento, com mais de [&hellip;]","og_url":"https:\/\/evsare.com\/pt\/quienes-somos\/","og_site_name":"EVsare","article_modified_time":"2025-10-30T13:13:02+00:00","twitter_card":"summary_large_image","twitter_misc":{"Tempo estimado de leitura":"4 minutos"},"schema":{"@context":"https:\/\/schema.org","@graph":[{"@type":"WebPage","@id":"https:\/\/evsare.com\/pt\/quienes-somos\/","url":"https:\/\/evsare.com\/pt\/quienes-somos\/","name":"10 ANOS DE EXPERI\u00caNCIA EM MOBILIDADE EL\u00c9TRICA - EVsare","isPartOf":{"@id":"https:\/\/evsare.com\/#website"},"datePublished":"2019-08-13T02:01:08+00:00","dateModified":"2025-10-30T13:13:02+00:00","breadcrumb":{"@id":"https:\/\/evsare.com\/pt\/quienes-somos\/#breadcrumb"},"inLanguage":"pt-PT","potentialAction":[{"@type":"ReadAction","target":["https:\/\/evsare.com\/pt\/quienes-somos\/"]}]},{"@type":"BreadcrumbList","@id":"https:\/\/evsare.com\/pt\/quienes-somos\/#breadcrumb","itemListElement":[{"@type":"ListItem","position":1,"name":"Home","item":"https:\/\/evsare.com\/pt\/"},{"@type":"ListItem","position":2,"name":"10 ANOS DE EXPERI\u00caNCIA EM MOBILIDADE EL\u00c9TRICA"}]},{"@type":"WebSite","@id":"https:\/\/evsare.com\/#website","url":"https:\/\/evsare.com\/","name":"EVsare","description":"La \u00faltima tecnolog\u00eda en servicios de recarga","publisher":{"@id":"https:\/\/evsare.com\/#organization"},"potentialAction":[{"@type":"SearchAction","target":{"@type":"EntryPoint","urlTemplate":"https:\/\/evsare.com\/?s={search_term_string}"},"query-input":{"@type":"PropertyValueSpecification","valueRequired":true,"valueName":"search_term_string"}}],"inLanguage":"pt-PT"},{"@type":"Organization","@id":"https:\/\/evsare.com\/#organization","name":"EVsare","url":"https:\/\/evsare.com\/","logo":{"@type":"ImageObject","inLanguage":"pt-PT","@id":"https:\/\/evsare.com\/#\/schema\/logo\/image\/","url":"https:\/\/evsare.com\/wp-content\/uploads\/2025\/10\/evsare-favicon-152-2.png","contentUrl":"https:\/\/evsare.com\/wp-content\/uploads\/2025\/10\/evsare-favicon-152-2.png","width":152,"height":152,"caption":"EVsare"},"image":{"@id":"https:\/\/evsare.com\/#\/schema\/logo\/image\/"},"sameAs":["https:\/\/es.linkedin.com\/company\/evsare"]}]}},"_links":{"self":[{"href":"https:\/\/evsare.com\/pt\/wp-json\/wp\/v2\/pages\/19090","targetHints":{"allow":["GET"]}}],"collection":[{"href":"https:\/\/evsare.com\/pt\/wp-json\/wp\/v2\/pages"}],"about":[{"href":"https:\/\/evsare.com\/pt\/wp-json\/wp\/v2\/types\/page"}],"author":[{"embeddable":true,"href":"https:\/\/evsare.com\/pt\/wp-json\/wp\/v2\/users\/1"}],"replies":[{"embeddable":true,"href":"https:\/\/evsare.com\/pt\/wp-json\/wp\/v2\/comments?post=19090"}],"version-history":[{"count":0,"href":"https:\/\/evsare.com\/pt\/wp-json\/wp\/v2\/pages\/19090\/revisions"}],"wp:attachment":[{"href":"https:\/\/evsare.com\/pt\/wp-json\/wp\/v2\/media?parent=19090"}],"curies":[{"name":"wp","href":"https:\/\/api.w.org\/{rel}","templated":true}]}}