{"id":18451,"date":"2019-08-12T13:36:13","date_gmt":"2019-08-12T11:36:13","guid":{"rendered":"https:\/\/ibil.wpengine.com\/politica-privacidad\/"},"modified":"2025-11-11T13:57:44","modified_gmt":"2025-11-11T12:57:44","slug":"politica-de-privacidade","status":"publish","type":"page","link":"https:\/\/evsare.com\/pt\/politica-de-privacidade\/","title":{"rendered":"Pol\u00edtica de privacidade"},"content":{"rendered":"<div class=\"wpb-content-wrapper\"><p>[vc_row][vc_column][vc_column_text]<\/p>\n<h2><strong>Pol\u00edtica de Privacidade<\/strong><\/h2>\n<p>A <strong>EVSARE, TECNOLOG\u00cdAS DE RECARGA, S.L.<\/strong> adaptou os seus protocolos e pol\u00edticas de privacidade ao revogado no Regulamento Europeu de Prote\u00e7\u00e3o de Dados 679\/2016 (RGDP) e na LO 3\/2018, de 5 de dezembro, relativo \u00e0 Prote\u00e7\u00e3o de Dados pessoais e garantia dos direitos digitais, pois estamos empenhados em garantir a seguran\u00e7a e a prote\u00e7\u00e3o dos dados que tratamos.<\/p>\n<p>&nbsp;<\/p>\n<p><strong>1.- QUEM \u00c9 O RESPONS\u00c1VEL PELO TRATAMENTO DOS DADOS<\/strong><\/p>\n<p><strong>EVSARE, TECNOLOG\u00cdAS DE RECARGA, S.L.<\/strong>, com sede social em PARQUE EMPRESARIAL ABANTO-ZIERBANA, Edificio EIC Planta 0 \u2013 Avenida Serantes n\u00ba2 48500 Abanto-Zierbana BIZKAIA, \u00e9 o respons\u00e1vel pelo correto tratamento dos seus dados. Poder\u00e1 obter mais informa\u00e7\u00f5es sobre este tratamento atrav\u00e9s do seguinte mail: <a href=\"mailto:rgpd@evsare.com\">rgpd@evsare.com<\/a><\/p>\n<p>&nbsp;<\/p>\n<p><strong>2.- PARA QUE FIM UTILIZAMOS OS SEUS DADOS <\/strong><\/p>\n<p>Na <strong>EVSARE, TECNOLOG\u00cdAS DE RECARGA, S.L.<\/strong>\u00a0tratamos as informa\u00e7\u00f5es que nos s\u00e3o facilitadas, pelas pessoas interessadas atrav\u00e9s do formul\u00e1rio de contacto, com fim de:<\/p>\n<ul>\n<li>Cumprir as presta\u00e7\u00f5es e os servi\u00e7os subscritos pelo utilizador.<\/li>\n<li>Tramitar e gerir os pedidos realizados, relativamente a produtos e\/ou servi\u00e7os.<\/li>\n<li>Proporcionar informa\u00e7\u00e3o publicit\u00e1ria ou promocional dos produtos e\/ou servi\u00e7os.<\/li>\n<li>Para uso dos mesmos pelas redes sociais: LinkedIn<\/li>\n<\/ul>\n<p>&nbsp;<\/p>\n<p><strong>\u00a03.- QUAL A BASE LEGAL PARA O TRATAMENTO DOS DADOS<\/strong><\/p>\n<p>O uso dos dados, que nos foram facultados por consentimento contido no formul\u00e1rio de contacto, \u00e9 necess\u00e1rio para a correta gest\u00e3o das rela\u00e7\u00f5es com os utilizadores e para que possamos, igualmente, cumprir com as nossas obriga\u00e7\u00f5es legais.<\/p>\n<p>Poder\u00e1 a qualquer altura manifestar a sua oposi\u00e7\u00e3o ao uso dos seus dados e, consequentemente, deixar sem efeito qualquer tipo de gest\u00e3o dos mesmos, ficando unicamente os seus dados bloqueados pelo per\u00edodo legalmente previsto. Informamos que a revoga\u00e7\u00e3o do consentimento poder\u00e1 conduzir a que os servi\u00e7os n\u00e3o possam ser prestados.<\/p>\n<p>&nbsp;<\/p>\n<p><strong>4.- COMUNICA\u00c7\u00c3O DOS DADOS<\/strong><\/p>\n<p>Em princ\u00edpio os dados n\u00e3o ser\u00e3o cedidos, exceto sob obriga\u00e7\u00e3o legal.<\/p>\n<p>A nossa empresa poder\u00e1 partilhar e ceder os seus dados a outras empresas do Grupo, para que sejam usados para os fins descritos no ponto 2 desta pol\u00edtica de privacidade.<\/p>\n<p>A <strong>EVSARE, TECNOLOG\u00cdAS DE RECARGA, S.L<\/strong> poder\u00e1 igualmente partilhar os seus dados com os fornecedores dos servi\u00e7os que nos assistem ou d\u00e3o apoio, ou colaboradores externos com os quais tenha estabelecido acordo,<\/p>\n<p>&nbsp;<\/p>\n<p><strong>5.- CONSERVA\u00c7\u00c3O DOS DADOS <\/strong><\/p>\n<p>A <strong>EVSARE, TECNOLOG\u00cdAS DE RECARGA, S.L.<\/strong>somente poder\u00e1 conservar os seus dados pessoais durante o per\u00edodo necess\u00e1rio para poder cumprir com o fim para o qual esses dados foram recolhidos, durante o per\u00edodo em que seja mantida uma rela\u00e7\u00e3o contratual, sempre que exista um requisito legal que o exija ou at\u00e9 que o utilizador exer\u00e7a algum dos seus direitos que o assistem e que por conseguinte nos impe\u00e7a de tratar os seus dados.<\/p>\n<p>&nbsp;<\/p>\n<p><strong>6.- COMO PODEREI EXERCER OS MEUS DIREITOS<\/strong><\/p>\n<p>Como titular de direitos, ter\u00e1 controlo sobre os seus dados e, portanto, poder\u00e1 a qualquer altura exercer os seus direitos, enviando-nos um e-mail: <a href=\"mailto:rgpd@evsare.com\">rgpd@evsare.com<\/a><\/p>\n<p>Os direitos que poder\u00e1 exercer s\u00e3o:<\/p>\n<ul>\n<li><strong>Acesso \u2013 <\/strong>Poder\u00e1 consultar os seus dados pessoais tratados por <strong>EVSARE, TECNOLOG\u00cdAS DE RECARGA, S.L.<\/strong><\/li>\n<li><strong>Retifica\u00e7\u00e3o<\/strong> \u2013 Poder\u00e1 modificar os seus dados pessoais se esses dados s\u00e3o inexatos<\/li>\n<li><strong>Apagamento<\/strong> \u2013 Poder\u00e1 solicitar o apagamento dos seus dados pessoais<\/li>\n<li><strong>Oposi\u00e7\u00e3o<\/strong> \u2013 Poder\u00e1 solicitar que n\u00e3o seja tratado nenhuns dos seus dados pessoais<\/li>\n<li><strong>Limita\u00e7\u00e3o do Tratamento<\/strong> \u2013 Poder\u00e1, em determinadas circunst\u00e2ncias, limitar o tratamento dos seus dados pessoais.<\/li>\n<li><strong>Portabilidad<\/strong>e \u2013 Poder\u00e1 receber os dados pessoais que nos tenha proporcionado ou que tenham sido por n\u00f3s obtidos durante a nossa rela\u00e7\u00e3o contratual, assim como transmiti-los a outra Entidade.<\/li>\n<\/ul>\n<p>&nbsp;<\/p>\n<p>Informamos os utilizadores que t\u00eam o direito de, <strong>a qualquer momento,<\/strong> <strong>revogar<\/strong> o consentimento prestado, sem que isso afete a licitude do tratamento baseado no consentimento pr\u00e9vio \u00e0 sua revoga\u00e7\u00e3o.<\/p>\n<p>De igual modo informamos, a todos os interessados, que podem apresentar queixa \u00e0 Autoridade de Controlo competente em mat\u00e9ria de Prote\u00e7\u00e3o de Dados, especialmente quando n\u00e3o tenha obtido satisfa\u00e7\u00e3o no exerc\u00edcio dos seus direitos.[\/vc_column_text][\/vc_column][\/vc_row]<\/p>\n<\/div>","protected":false},"excerpt":{"rendered":"<p>[vc_row][vc_column][vc_column_text] Pol\u00edtica de Privacidade A EVSARE, TECNOLOG\u00cdAS DE RECARGA, S.L. adaptou os seus protocolos e pol\u00edticas de privacidade ao revogado no Regulamento Europeu de Prote\u00e7\u00e3o de Dados 679\/2016 (RGDP) e na LO 3\/2018, de 5 de dezembro, relativo \u00e0 Prote\u00e7\u00e3o de Dados pessoais e garantia dos direitos digitais, pois estamos empenhados em garantir a seguran\u00e7a e a prote\u00e7\u00e3o dos dados que tratamos. &nbsp; 1.- QUEM \u00c9 O RESPONS\u00c1VEL PELO TRATAMENTO DOS DADOS EVSARE, TECNOLOG\u00cdAS DE RECARGA, S.L., com sede social em PARQUE EMPRESARIAL ABANTO-ZIERBANA, Edificio EIC Planta 0 \u2013 Avenida Serantes n\u00ba2 48500 Abanto-Zierbana BIZKAIA, \u00e9 o respons\u00e1vel pelo correto tratamento dos seus dados. Poder\u00e1 obter mais informa\u00e7\u00f5es sobre este tratamento atrav\u00e9s do seguinte mail: rgpd@evsare.com &nbsp; 2.- PARA QUE FIM UTILIZAMOS OS SEUS DADOS Na EVSARE, TECNOLOG\u00cdAS DE RECARGA, S.L.\u00a0tratamos as informa\u00e7\u00f5es que nos s\u00e3o facilitadas, pelas pessoas interessadas atrav\u00e9s do formul\u00e1rio de contacto, com fim de: Cumprir as presta\u00e7\u00f5es e os servi\u00e7os subscritos pelo utilizador. Tramitar e gerir os pedidos realizados, relativamente a produtos e\/ou servi\u00e7os. Proporcionar informa\u00e7\u00e3o publicit\u00e1ria ou promocional dos produtos e\/ou servi\u00e7os. Para uso dos mesmos pelas redes sociais: LinkedIn &nbsp; \u00a03.- QUAL A BASE LEGAL PARA O TRATAMENTO DOS DADOS O uso dos dados, [&hellip;]<\/p>\n","protected":false},"author":1,"featured_media":0,"parent":0,"menu_order":0,"comment_status":"closed","ping_status":"open","template":"","meta":{"footnotes":""},"class_list":["post-18451","page","type-page","status-publish","hentry"],"yoast_head":"<!-- This site is optimized with the Yoast SEO plugin v26.3 - https:\/\/yoast.com\/wordpress\/plugins\/seo\/ -->\n<title>Pol\u00edtica de privacidade - EVsare<\/title>\n<meta name=\"robots\" content=\"index, follow, max-snippet:-1, max-image-preview:large, max-video-preview:-1\" \/>\n<link rel=\"canonical\" href=\"https:\/\/evsare.com\/pt\/politica-de-privacidade\/\" \/>\n<meta property=\"og:locale\" content=\"pt_PT\" \/>\n<meta property=\"og:type\" content=\"article\" \/>\n<meta property=\"og:title\" content=\"Pol\u00edtica de privacidade - EVsare\" \/>\n<meta property=\"og:description\" content=\"[vc_row][vc_column][vc_column_text] Pol\u00edtica de Privacidade A EVSARE, TECNOLOG\u00cdAS DE RECARGA, S.L. adaptou os seus protocolos e pol\u00edticas de privacidade ao revogado no Regulamento Europeu de Prote\u00e7\u00e3o de Dados 679\/2016 (RGDP) e na LO 3\/2018, de 5 de dezembro, relativo \u00e0 Prote\u00e7\u00e3o de Dados pessoais e garantia dos direitos digitais, pois estamos empenhados em garantir a seguran\u00e7a e a prote\u00e7\u00e3o dos dados que tratamos. &nbsp; 1.- QUEM \u00c9 O RESPONS\u00c1VEL PELO TRATAMENTO DOS DADOS EVSARE, TECNOLOG\u00cdAS DE RECARGA, S.L., com sede social em PARQUE EMPRESARIAL ABANTO-ZIERBANA, Edificio EIC Planta 0 \u2013 Avenida Serantes n\u00ba2 48500 Abanto-Zierbana BIZKAIA, \u00e9 o respons\u00e1vel pelo correto tratamento dos seus dados. Poder\u00e1 obter mais informa\u00e7\u00f5es sobre este tratamento atrav\u00e9s do seguinte mail: rgpd@evsare.com &nbsp; 2.- PARA QUE FIM UTILIZAMOS OS SEUS DADOS Na EVSARE, TECNOLOG\u00cdAS DE RECARGA, S.L.\u00a0tratamos as informa\u00e7\u00f5es que nos s\u00e3o facilitadas, pelas pessoas interessadas atrav\u00e9s do formul\u00e1rio de contacto, com fim de: Cumprir as presta\u00e7\u00f5es e os servi\u00e7os subscritos pelo utilizador. Tramitar e gerir os pedidos realizados, relativamente a produtos e\/ou servi\u00e7os. Proporcionar informa\u00e7\u00e3o publicit\u00e1ria ou promocional dos produtos e\/ou servi\u00e7os. Para uso dos mesmos pelas redes sociais: LinkedIn &nbsp; \u00a03.- QUAL A BASE LEGAL PARA O TRATAMENTO DOS DADOS O uso dos dados, [&hellip;]\" \/>\n<meta property=\"og:url\" content=\"https:\/\/evsare.com\/pt\/politica-de-privacidade\/\" \/>\n<meta property=\"og:site_name\" content=\"EVsare\" \/>\n<meta property=\"article:modified_time\" content=\"2025-11-11T12:57:44+00:00\" \/>\n<meta name=\"twitter:card\" content=\"summary_large_image\" \/>\n<meta name=\"twitter:label1\" content=\"Tempo estimado de leitura\" \/>\n\t<meta name=\"twitter:data1\" content=\"3 minutos\" \/>\n<script type=\"application\/ld+json\" class=\"yoast-schema-graph\">{\"@context\":\"https:\/\/schema.org\",\"@graph\":[{\"@type\":\"WebPage\",\"@id\":\"https:\/\/evsare.com\/pt\/politica-de-privacidade\/\",\"url\":\"https:\/\/evsare.com\/pt\/politica-de-privacidade\/\",\"name\":\"Pol\u00edtica de privacidade - EVsare\",\"isPartOf\":{\"@id\":\"https:\/\/evsare.com\/#website\"},\"datePublished\":\"2019-08-12T11:36:13+00:00\",\"dateModified\":\"2025-11-11T12:57:44+00:00\",\"breadcrumb\":{\"@id\":\"https:\/\/evsare.com\/pt\/politica-de-privacidade\/#breadcrumb\"},\"inLanguage\":\"pt-PT\",\"potentialAction\":[{\"@type\":\"ReadAction\",\"target\":[\"https:\/\/evsare.com\/pt\/politica-de-privacidade\/\"]}]},{\"@type\":\"BreadcrumbList\",\"@id\":\"https:\/\/evsare.com\/pt\/politica-de-privacidade\/#breadcrumb\",\"itemListElement\":[{\"@type\":\"ListItem\",\"position\":1,\"name\":\"Home\",\"item\":\"https:\/\/evsare.com\/pt\/\"},{\"@type\":\"ListItem\",\"position\":2,\"name\":\"Pol\u00edtica de privacidade\"}]},{\"@type\":\"WebSite\",\"@id\":\"https:\/\/evsare.com\/#website\",\"url\":\"https:\/\/evsare.com\/\",\"name\":\"EVsare\",\"description\":\"La \u00faltima tecnolog\u00eda en servicios de recarga\",\"publisher\":{\"@id\":\"https:\/\/evsare.com\/#organization\"},\"potentialAction\":[{\"@type\":\"SearchAction\",\"target\":{\"@type\":\"EntryPoint\",\"urlTemplate\":\"https:\/\/evsare.com\/?s={search_term_string}\"},\"query-input\":{\"@type\":\"PropertyValueSpecification\",\"valueRequired\":true,\"valueName\":\"search_term_string\"}}],\"inLanguage\":\"pt-PT\"},{\"@type\":\"Organization\",\"@id\":\"https:\/\/evsare.com\/#organization\",\"name\":\"EVsare\",\"url\":\"https:\/\/evsare.com\/\",\"logo\":{\"@type\":\"ImageObject\",\"inLanguage\":\"pt-PT\",\"@id\":\"https:\/\/evsare.com\/#\/schema\/logo\/image\/\",\"url\":\"https:\/\/evsare.com\/wp-content\/uploads\/2025\/10\/evsare-favicon-152-2.png\",\"contentUrl\":\"https:\/\/evsare.com\/wp-content\/uploads\/2025\/10\/evsare-favicon-152-2.png\",\"width\":152,\"height\":152,\"caption\":\"EVsare\"},\"image\":{\"@id\":\"https:\/\/evsare.com\/#\/schema\/logo\/image\/\"},\"sameAs\":[\"https:\/\/es.linkedin.com\/company\/evsare\"]}]}<\/script>\n<!-- \/ Yoast SEO plugin. -->","yoast_head_json":{"title":"Pol\u00edtica de privacidade - EVsare","robots":{"index":"index","follow":"follow","max-snippet":"max-snippet:-1","max-image-preview":"max-image-preview:large","max-video-preview":"max-video-preview:-1"},"canonical":"https:\/\/evsare.com\/pt\/politica-de-privacidade\/","og_locale":"pt_PT","og_type":"article","og_title":"Pol\u00edtica de privacidade - EVsare","og_description":"[vc_row][vc_column][vc_column_text] Pol\u00edtica de Privacidade A EVSARE, TECNOLOG\u00cdAS DE RECARGA, S.L. adaptou os seus protocolos e pol\u00edticas de privacidade ao revogado no Regulamento Europeu de Prote\u00e7\u00e3o de Dados 679\/2016 (RGDP) e na LO 3\/2018, de 5 de dezembro, relativo \u00e0 Prote\u00e7\u00e3o de Dados pessoais e garantia dos direitos digitais, pois estamos empenhados em garantir a seguran\u00e7a e a prote\u00e7\u00e3o dos dados que tratamos. &nbsp; 1.- QUEM \u00c9 O RESPONS\u00c1VEL PELO TRATAMENTO DOS DADOS EVSARE, TECNOLOG\u00cdAS DE RECARGA, S.L., com sede social em PARQUE EMPRESARIAL ABANTO-ZIERBANA, Edificio EIC Planta 0 \u2013 Avenida Serantes n\u00ba2 48500 Abanto-Zierbana BIZKAIA, \u00e9 o respons\u00e1vel pelo correto tratamento dos seus dados. Poder\u00e1 obter mais informa\u00e7\u00f5es sobre este tratamento atrav\u00e9s do seguinte mail: rgpd@evsare.com &nbsp; 2.- PARA QUE FIM UTILIZAMOS OS SEUS DADOS Na EVSARE, TECNOLOG\u00cdAS DE RECARGA, S.L.\u00a0tratamos as informa\u00e7\u00f5es que nos s\u00e3o facilitadas, pelas pessoas interessadas atrav\u00e9s do formul\u00e1rio de contacto, com fim de: Cumprir as presta\u00e7\u00f5es e os servi\u00e7os subscritos pelo utilizador. Tramitar e gerir os pedidos realizados, relativamente a produtos e\/ou servi\u00e7os. Proporcionar informa\u00e7\u00e3o publicit\u00e1ria ou promocional dos produtos e\/ou servi\u00e7os. Para uso dos mesmos pelas redes sociais: LinkedIn &nbsp; \u00a03.- QUAL A BASE LEGAL PARA O TRATAMENTO DOS DADOS O uso dos dados, [&hellip;]","og_url":"https:\/\/evsare.com\/pt\/politica-de-privacidade\/","og_site_name":"EVsare","article_modified_time":"2025-11-11T12:57:44+00:00","twitter_card":"summary_large_image","twitter_misc":{"Tempo estimado de leitura":"3 minutos"},"schema":{"@context":"https:\/\/schema.org","@graph":[{"@type":"WebPage","@id":"https:\/\/evsare.com\/pt\/politica-de-privacidade\/","url":"https:\/\/evsare.com\/pt\/politica-de-privacidade\/","name":"Pol\u00edtica de privacidade - EVsare","isPartOf":{"@id":"https:\/\/evsare.com\/#website"},"datePublished":"2019-08-12T11:36:13+00:00","dateModified":"2025-11-11T12:57:44+00:00","breadcrumb":{"@id":"https:\/\/evsare.com\/pt\/politica-de-privacidade\/#breadcrumb"},"inLanguage":"pt-PT","potentialAction":[{"@type":"ReadAction","target":["https:\/\/evsare.com\/pt\/politica-de-privacidade\/"]}]},{"@type":"BreadcrumbList","@id":"https:\/\/evsare.com\/pt\/politica-de-privacidade\/#breadcrumb","itemListElement":[{"@type":"ListItem","position":1,"name":"Home","item":"https:\/\/evsare.com\/pt\/"},{"@type":"ListItem","position":2,"name":"Pol\u00edtica de privacidade"}]},{"@type":"WebSite","@id":"https:\/\/evsare.com\/#website","url":"https:\/\/evsare.com\/","name":"EVsare","description":"La \u00faltima tecnolog\u00eda en servicios de recarga","publisher":{"@id":"https:\/\/evsare.com\/#organization"},"potentialAction":[{"@type":"SearchAction","target":{"@type":"EntryPoint","urlTemplate":"https:\/\/evsare.com\/?s={search_term_string}"},"query-input":{"@type":"PropertyValueSpecification","valueRequired":true,"valueName":"search_term_string"}}],"inLanguage":"pt-PT"},{"@type":"Organization","@id":"https:\/\/evsare.com\/#organization","name":"EVsare","url":"https:\/\/evsare.com\/","logo":{"@type":"ImageObject","inLanguage":"pt-PT","@id":"https:\/\/evsare.com\/#\/schema\/logo\/image\/","url":"https:\/\/evsare.com\/wp-content\/uploads\/2025\/10\/evsare-favicon-152-2.png","contentUrl":"https:\/\/evsare.com\/wp-content\/uploads\/2025\/10\/evsare-favicon-152-2.png","width":152,"height":152,"caption":"EVsare"},"image":{"@id":"https:\/\/evsare.com\/#\/schema\/logo\/image\/"},"sameAs":["https:\/\/es.linkedin.com\/company\/evsare"]}]}},"_links":{"self":[{"href":"https:\/\/evsare.com\/pt\/wp-json\/wp\/v2\/pages\/18451","targetHints":{"allow":["GET"]}}],"collection":[{"href":"https:\/\/evsare.com\/pt\/wp-json\/wp\/v2\/pages"}],"about":[{"href":"https:\/\/evsare.com\/pt\/wp-json\/wp\/v2\/types\/page"}],"author":[{"embeddable":true,"href":"https:\/\/evsare.com\/pt\/wp-json\/wp\/v2\/users\/1"}],"replies":[{"embeddable":true,"href":"https:\/\/evsare.com\/pt\/wp-json\/wp\/v2\/comments?post=18451"}],"version-history":[{"count":0,"href":"https:\/\/evsare.com\/pt\/wp-json\/wp\/v2\/pages\/18451\/revisions"}],"wp:attachment":[{"href":"https:\/\/evsare.com\/pt\/wp-json\/wp\/v2\/media?parent=18451"}],"curies":[{"name":"wp","href":"https:\/\/api.w.org\/{rel}","templated":true}]}}