{"id":18482,"date":"2019-08-03T07:59:42","date_gmt":"2019-08-03T05:59:42","guid":{"rendered":"https:\/\/ibil.wpengine.com\/sala-de-prensa\/"},"modified":"2020-01-14T19:27:14","modified_gmt":"2020-01-14T18:27:14","slug":"press-room","status":"publish","type":"page","link":"https:\/\/evsare.com\/en\/press-room\/","title":{"rendered":"Press room"},"content":{"rendered":"<div class=\"wpb-content-wrapper\"><p>[vc_row top_padding=&#8221;50&#8243;][vc_column width=&#8221;1\/1&#8243;]<div class=\"latest-blog vertical clearfix\"><div class=\"latest-blog-list  clearfix wpb_content_element\">\n\t\t\t\t\t\t\t<div class=\"blog-list-item-thumb\"><a href=\"https:\/\/evsare.com\/en\/sala-de-prensa\/ibil-analiza-la-influencia-de-la-movilidad-electrica-en-el-desarrollo-urbano-sostenible-en-sum-bilbao-21\/\" title=\"IBIL analiza la influencia de la movilidad el\u00e9ctrica en el desarrollo urbano sostenible en SUM Bilbao 21\"><img decoding=\"async\" src=\"https:\/\/evsare.com\/wp-content\/uploads\/2021\/10\/02_WEB_SUM2021-356.jpg\" alt=\"IBIL analiza la influencia de la movilidad el\u00e9ctrica en el desarrollo urbano sostenible en SUM Bilbao 21\" \/><\/a><\/div>\n\t\t\t\t\t\t  \t<div class=\"blog-list-item-description\">\n\t\t\t\t\t\t\t\t<h3><a href=\"https:\/\/evsare.com\/en\/sala-de-prensa\/ibil-analiza-la-influencia-de-la-movilidad-electrica-en-el-desarrollo-urbano-sostenible-en-sum-bilbao-21\/\" title=\"IBIL analiza la influencia de la movilidad el\u00e9ctrica en el desarrollo urbano sostenible en SUM Bilbao 21\">IBIL analiza la influencia de la movilidad el\u00e9ctrica en el desarrollo urbano sostenible en SUM Bilbao 21<\/a><\/h3>\n\t\t\t\t\t\t\t  \t<div class=\"blog-list-item-excerpt\">06\/10\/2021 El congreso internacional SUM Bilbao 21 volvi\u00f3 a convertir a Bilbao en capital mundial de la movilidad urbana sostenible los d\u00edas 6 y 7.. <a href=\"https:\/\/evsare.com\/en\/sala-de-prensa\/ibil-analiza-la-influencia-de-la-movilidad-electrica-en-el-desarrollo-urbano-sostenible-en-sum-bilbao-21\/\">Read More &rarr;<\/a><\/div>\n\t\t\t\t\t\t\t<\/div>\n\t\t\t\t\t  \t<\/div><div class=\"latest-blog-list  clearfix wpb_content_element\">\n\t\t\t\t\t\t\t<div class=\"blog-list-item-thumb\"><a href=\"https:\/\/evsare.com\/en\/sala-de-prensa\/ibil-instala-en-bilbao-el-parque-de-recarga-mas-grande-jamas-instalado-en-la-copa-de-errc-de-la-fia\/\" title=\"IBIL instala en Bilbao el parque de recarga m\u00e1s grande jam\u00e1s instalado en la copa de ERRC de la FIA\"><img decoding=\"async\" src=\"https:\/\/evsare.com\/wp-content\/uploads\/2021\/10\/Explanada_1_900pp.png\" alt=\"IBIL instala en Bilbao el parque de recarga m\u00e1s grande jam\u00e1s instalado en la copa de ERRC de la FIA\" \/><\/a><\/div>\n\t\t\t\t\t\t  \t<div class=\"blog-list-item-description\">\n\t\t\t\t\t\t\t\t<h3><a href=\"https:\/\/evsare.com\/en\/sala-de-prensa\/ibil-instala-en-bilbao-el-parque-de-recarga-mas-grande-jamas-instalado-en-la-copa-de-errc-de-la-fia\/\" title=\"IBIL instala en Bilbao el parque de recarga m\u00e1s grande jam\u00e1s instalado en la copa de ERRC de la FIA\">IBIL instala en Bilbao el parque de recarga m\u00e1s grande jam\u00e1s instalado en la copa de ERRC de la FIA<\/a><\/h3>\n\t\t\t\t\t\t\t  \t<div class=\"blog-list-item-excerpt\">04\/10\/2021 El II Eco Rallye Bilbao Petronor, celebrado los d\u00edas 1, 2 y 3 de octubre, cont\u00f3 con el parque de recarga de veh\u00edculos el\u00e9ctricos.. <a href=\"https:\/\/evsare.com\/en\/sala-de-prensa\/ibil-instala-en-bilbao-el-parque-de-recarga-mas-grande-jamas-instalado-en-la-copa-de-errc-de-la-fia\/\">Read More &rarr;<\/a><\/div>\n\t\t\t\t\t\t\t<\/div>\n\t\t\t\t\t  \t<\/div><div class=\"latest-blog-list  clearfix wpb_content_element\">\n\t\t\t\t\t\t\t<div class=\"blog-list-item-thumb\"><a href=\"https:\/\/evsare.com\/en\/sala-de-prensa\/finaliza-el-proyecto-europeo-cirve-liderado-por-ibil-que-hace-posible-viajar-de-portugal-a-francia-en-vehiculo-electrico\/\" title=\"Finaliza el proyecto europeo CIRVE, liderado por IBIL, que hace posible viajar de Portugal a Francia en veh\u00edculo el\u00e9ctrico\"><img decoding=\"async\" src=\"https:\/\/evsare.com\/wp-content\/uploads\/2021\/09\/Socios-Proyecto-CIRVE_16-SEPT.jpg\" alt=\"Finaliza el proyecto europeo CIRVE, liderado por IBIL, que hace posible viajar de Portugal a Francia en veh\u00edculo el\u00e9ctrico\" \/><\/a><\/div>\n\t\t\t\t\t\t  \t<div class=\"blog-list-item-description\">\n\t\t\t\t\t\t\t\t<h3><a href=\"https:\/\/evsare.com\/en\/sala-de-prensa\/finaliza-el-proyecto-europeo-cirve-liderado-por-ibil-que-hace-posible-viajar-de-portugal-a-francia-en-vehiculo-electrico\/\" title=\"Finaliza el proyecto europeo CIRVE, liderado por IBIL, que hace posible viajar de Portugal a Francia en veh\u00edculo el\u00e9ctrico\">Finaliza el proyecto europeo CIRVE, liderado por IBIL, que hace posible viajar de Portugal a Francia en veh\u00edculo el\u00e9ctrico<\/a><\/h3>\n\t\t\t\t\t\t\t  \t<div class=\"blog-list-item-excerpt\">16\/09\/2021 Viajar de Portugal a Francia en veh\u00edculo el\u00e9ctrico ya es posible gracias a CIRVE, un proyecto europeo, liderado por IBIL, que ha concluido con.. <a href=\"https:\/\/evsare.com\/en\/sala-de-prensa\/finaliza-el-proyecto-europeo-cirve-liderado-por-ibil-que-hace-posible-viajar-de-portugal-a-francia-en-vehiculo-electrico\/\">Read More &rarr;<\/a><\/div>\n\t\t\t\t\t\t\t<\/div>\n\t\t\t\t\t  \t<\/div><\/div>[\/vc_column][\/vc_row]<\/p>\n<\/div>","protected":false},"excerpt":{"rendered":"<p>[vc_row top_padding=&#8221;50&#8243;][vc_column width=&#8221;1\/1&#8243;][\/vc_column][\/vc_row]<\/p>\n","protected":false},"author":1,"featured_media":0,"parent":0,"menu_order":0,"comment_status":"closed","ping_status":"closed","template":"page-blog.php","meta":{"footnotes":""},"class_list":["post-18482","page","type-page","status-publish","hentry"],"yoast_head":"<!-- This site is optimized with the Yoast SEO plugin v26.3 - https:\/\/yoast.com\/wordpress\/plugins\/seo\/ -->\n<title>Press room - EVsare<\/title>\n<meta name=\"robots\" content=\"index, follow, max-snippet:-1, max-image-preview:large, max-video-preview:-1\" \/>\n<link rel=\"canonical\" href=\"https:\/\/evsare.com\/en\/press-room\/\" \/>\n<meta property=\"og:locale\" content=\"en_US\" \/>\n<meta property=\"og:type\" content=\"article\" \/>\n<meta property=\"og:title\" content=\"Press room - EVsare\" \/>\n<meta property=\"og:description\" content=\"[vc_row top_padding=&#8221;50&#8243;][vc_column width=&#8221;1\/1&#8243;][\/vc_column][\/vc_row]\" \/>\n<meta property=\"og:url\" content=\"https:\/\/evsare.com\/en\/press-room\/\" \/>\n<meta property=\"og:site_name\" content=\"EVsare\" \/>\n<meta property=\"article:modified_time\" content=\"2020-01-14T18:27:14+00:00\" \/>\n<meta name=\"twitter:card\" content=\"summary_large_image\" \/>\n<script type=\"application\/ld+json\" class=\"yoast-schema-graph\">{\"@context\":\"https:\/\/schema.org\",\"@graph\":[{\"@type\":\"WebPage\",\"@id\":\"https:\/\/evsare.com\/en\/press-room\/\",\"url\":\"https:\/\/evsare.com\/en\/press-room\/\",\"name\":\"Press room - EVsare\",\"isPartOf\":{\"@id\":\"https:\/\/evsare.com\/#website\"},\"datePublished\":\"2019-08-03T05:59:42+00:00\",\"dateModified\":\"2020-01-14T18:27:14+00:00\",\"breadcrumb\":{\"@id\":\"https:\/\/evsare.com\/en\/press-room\/#breadcrumb\"},\"inLanguage\":\"en-US\",\"potentialAction\":[{\"@type\":\"ReadAction\",\"target\":[\"https:\/\/evsare.com\/en\/press-room\/\"]}]},{\"@type\":\"BreadcrumbList\",\"@id\":\"https:\/\/evsare.com\/en\/press-room\/#breadcrumb\",\"itemListElement\":[{\"@type\":\"ListItem\",\"position\":1,\"name\":\"Home\",\"item\":\"https:\/\/evsare.com\/en\/\"},{\"@type\":\"ListItem\",\"position\":2,\"name\":\"Press room\"}]},{\"@type\":\"WebSite\",\"@id\":\"https:\/\/evsare.com\/#website\",\"url\":\"https:\/\/evsare.com\/\",\"name\":\"EVsare\",\"description\":\"La \u00faltima tecnolog\u00eda en servicios de recarga\",\"publisher\":{\"@id\":\"https:\/\/evsare.com\/#organization\"},\"potentialAction\":[{\"@type\":\"SearchAction\",\"target\":{\"@type\":\"EntryPoint\",\"urlTemplate\":\"https:\/\/evsare.com\/?s={search_term_string}\"},\"query-input\":{\"@type\":\"PropertyValueSpecification\",\"valueRequired\":true,\"valueName\":\"search_term_string\"}}],\"inLanguage\":\"en-US\"},{\"@type\":\"Organization\",\"@id\":\"https:\/\/evsare.com\/#organization\",\"name\":\"EVsare\",\"url\":\"https:\/\/evsare.com\/\",\"logo\":{\"@type\":\"ImageObject\",\"inLanguage\":\"en-US\",\"@id\":\"https:\/\/evsare.com\/#\/schema\/logo\/image\/\",\"url\":\"https:\/\/evsare.com\/wp-content\/uploads\/2025\/10\/evsare-favicon-152-2.png\",\"contentUrl\":\"https:\/\/evsare.com\/wp-content\/uploads\/2025\/10\/evsare-favicon-152-2.png\",\"width\":152,\"height\":152,\"caption\":\"EVsare\"},\"image\":{\"@id\":\"https:\/\/evsare.com\/#\/schema\/logo\/image\/\"},\"sameAs\":[\"https:\/\/es.linkedin.com\/company\/evsare\"]}]}<\/script>\n<!-- \/ Yoast SEO plugin. -->","yoast_head_json":{"title":"Press room - EVsare","robots":{"index":"index","follow":"follow","max-snippet":"max-snippet:-1","max-image-preview":"max-image-preview:large","max-video-preview":"max-video-preview:-1"},"canonical":"https:\/\/evsare.com\/en\/press-room\/","og_locale":"en_US","og_type":"article","og_title":"Press room - EVsare","og_description":"[vc_row top_padding=&#8221;50&#8243;][vc_column width=&#8221;1\/1&#8243;][\/vc_column][\/vc_row]","og_url":"https:\/\/evsare.com\/en\/press-room\/","og_site_name":"EVsare","article_modified_time":"2020-01-14T18:27:14+00:00","twitter_card":"summary_large_image","schema":{"@context":"https:\/\/schema.org","@graph":[{"@type":"WebPage","@id":"https:\/\/evsare.com\/en\/press-room\/","url":"https:\/\/evsare.com\/en\/press-room\/","name":"Press room - EVsare","isPartOf":{"@id":"https:\/\/evsare.com\/#website"},"datePublished":"2019-08-03T05:59:42+00:00","dateModified":"2020-01-14T18:27:14+00:00","breadcrumb":{"@id":"https:\/\/evsare.com\/en\/press-room\/#breadcrumb"},"inLanguage":"en-US","potentialAction":[{"@type":"ReadAction","target":["https:\/\/evsare.com\/en\/press-room\/"]}]},{"@type":"BreadcrumbList","@id":"https:\/\/evsare.com\/en\/press-room\/#breadcrumb","itemListElement":[{"@type":"ListItem","position":1,"name":"Home","item":"https:\/\/evsare.com\/en\/"},{"@type":"ListItem","position":2,"name":"Press room"}]},{"@type":"WebSite","@id":"https:\/\/evsare.com\/#website","url":"https:\/\/evsare.com\/","name":"EVsare","description":"La \u00faltima tecnolog\u00eda en servicios de recarga","publisher":{"@id":"https:\/\/evsare.com\/#organization"},"potentialAction":[{"@type":"SearchAction","target":{"@type":"EntryPoint","urlTemplate":"https:\/\/evsare.com\/?s={search_term_string}"},"query-input":{"@type":"PropertyValueSpecification","valueRequired":true,"valueName":"search_term_string"}}],"inLanguage":"en-US"},{"@type":"Organization","@id":"https:\/\/evsare.com\/#organization","name":"EVsare","url":"https:\/\/evsare.com\/","logo":{"@type":"ImageObject","inLanguage":"en-US","@id":"https:\/\/evsare.com\/#\/schema\/logo\/image\/","url":"https:\/\/evsare.com\/wp-content\/uploads\/2025\/10\/evsare-favicon-152-2.png","contentUrl":"https:\/\/evsare.com\/wp-content\/uploads\/2025\/10\/evsare-favicon-152-2.png","width":152,"height":152,"caption":"EVsare"},"image":{"@id":"https:\/\/evsare.com\/#\/schema\/logo\/image\/"},"sameAs":["https:\/\/es.linkedin.com\/company\/evsare"]}]}},"_links":{"self":[{"href":"https:\/\/evsare.com\/en\/wp-json\/wp\/v2\/pages\/18482","targetHints":{"allow":["GET"]}}],"collection":[{"href":"https:\/\/evsare.com\/en\/wp-json\/wp\/v2\/pages"}],"about":[{"href":"https:\/\/evsare.com\/en\/wp-json\/wp\/v2\/types\/page"}],"author":[{"embeddable":true,"href":"https:\/\/evsare.com\/en\/wp-json\/wp\/v2\/users\/1"}],"replies":[{"embeddable":true,"href":"https:\/\/evsare.com\/en\/wp-json\/wp\/v2\/comments?post=18482"}],"version-history":[{"count":0,"href":"https:\/\/evsare.com\/en\/wp-json\/wp\/v2\/pages\/18482\/revisions"}],"wp:attachment":[{"href":"https:\/\/evsare.com\/en\/wp-json\/wp\/v2\/media?parent=18482"}],"curies":[{"name":"wp","href":"https:\/\/api.w.org\/{rel}","templated":true}]}}